{"id":13575,"date":"2024-02-19T15:37:06","date_gmt":"2024-02-19T18:37:06","guid":{"rendered":"https:\/\/www.voluspajarpa.com\/?post_type=texts&#038;p=13575"},"modified":"2024-02-19T15:37:51","modified_gmt":"2024-02-19T18:37:51","slug":"103-imaginemos-latinoamerica-siempre-se-parece-reflexiones-sobre-lo-que-consideramos-politico-y-sus-afecciones-a-nuestro-territorio","status":"publish","type":"texts","link":"https:\/\/www.voluspajarpa.com\/en\/texts\/103-imaginemos-latinoamerica-siempre-se-parece-reflexiones-sobre-lo-que-consideramos-politico-y-sus-afecciones-a-nuestro-territorio\/","title":{"rendered":"103. Imaginemos Latinoam\u00e9rica, siempre se parece. Reflexiones sobre lo que consideramos pol\u00edtico y sus afecciones a nuestro territorio."},"content":{"rendered":"<p>Este art\u00edculo se pregunta por la injerencia que tiene el arte en la construcci\u00f3n de imaginarios sociales acerca de un territorio. Espec\u00edficamente sobre el latinoamericano, observamos que las obras de las \u00faltimas d\u00e9cadas han alimentado, por ejemplo, la asociaci\u00f3n fluida del arte y la pol\u00edtica, y el anclaje casi obligado a temporalidades siempre m\u00e1s pasadas que presentes.Por eso, evocamos cuatro proyectos art\u00edsticos que han sido exhibidos con hincapi\u00e9 en su car\u00e1cter de latinoamericanos, para preguntarnos a qu\u00e9 se debe esa categorizaci\u00f3n y qu\u00e9 consecuencias trae para las construcciones imaginarias de lo social latinoamericano.En la primera parte, cuestionaremos la particular univocidad con que el t\u00e9rmino \u201cpol\u00edtico\u201d se homologa al de \u201cresistencia\u201d, al igual que la palabra \u201clatinoamericano\u201d habitualmente connota caracter\u00edsticas no territoriales sino sociales y temporales, signadas por un pasado historiogr\u00e1fico particular.En un segundo lugar, consignaremos algunos efectos de ello, por ejemplo, la confirmaci\u00f3n de la marginalidad, la complicidad con los circuitos de exhibici\u00f3n en territorialidades de poder y la instauraci\u00f3n de la pol\u00edtica como un mandato para la producci\u00f3n de \u201carte latinoamericano\u201d.<\/p>\n","protected":false},"featured_media":0,"parent":0,"template":"","_links":{"self":[{"href":"https:\/\/www.voluspajarpa.com\/en\/wp-json\/wp\/v2\/texts\/13575"}],"collection":[{"href":"https:\/\/www.voluspajarpa.com\/en\/wp-json\/wp\/v2\/texts"}],"about":[{"href":"https:\/\/www.voluspajarpa.com\/en\/wp-json\/wp\/v2\/types\/texts"}],"version-history":[{"count":1,"href":"https:\/\/www.voluspajarpa.com\/en\/wp-json\/wp\/v2\/texts\/13575\/revisions"}],"predecessor-version":[{"id":13576,"href":"https:\/\/www.voluspajarpa.com\/en\/wp-json\/wp\/v2\/texts\/13575\/revisions\/13576"}],"wp:attachment":[{"href":"https:\/\/www.voluspajarpa.com\/en\/wp-json\/wp\/v2\/media?parent=13575"}],"curies":[{"name":"wp","href":"https:\/\/api.w.org\/{rel}","templated":true}]}}